{"id":339,"date":"2026-09-05T22:39:17","date_gmt":"2026-09-05T20:39:17","guid":{"rendered":"https:\/\/www.erikamerjava.cz\/?page_id=339"},"modified":"2026-09-05T22:39:17","modified_gmt":"2026-09-05T20:39:17","slug":"zivot-bojuje-o-zivot","status":"publish","type":"page","link":"https:\/\/www.erikamerjava.cz\/index.php\/zivot-bojuje-o-zivot\/","title":{"rendered":"\u017divot bojuje o \u017eivot"},"content":{"rendered":"\n<p class=\"wp-block-paragraph\">Lidstvo proch\u00e1z\u00ed slo\u017eit\u00fdm obdob\u00edm. Jakoby se v\u0161e zatemnilo a my hled\u00e1me aspo\u0148 z\u00e1blesk paprsku sv\u011btla v temnot\u011b, kter\u00e1 n\u00e1s obklopuje.&nbsp;<\/p>\n\n\n\n<p class=\"wp-block-paragraph\">Ale temnota je pouh\u00fd okam\u017eik v p\u0159\u00edb\u011bhu na\u0161ich d\u011bjin. Nen\u00ed kone\u010dnou podstatou, proto\u017ee pak by v\u011bci skon\u010dily a my u\u017e nebyli. Ale my po\u0159\u00e1d \u017eijeme. Lidstvo pokra\u010duje d\u00e1l mal\u00fdmi kr\u016f\u010dky a vytv\u00e1\u0159\u00ed prostor, kter\u00fd nen\u00ed uzav\u0159en\u00fd, proto\u017ee je\u0161t\u011b ne\u0159eklo sv\u00e9 posledn\u00ed slovo. V cel\u00e9m p\u0159\u00edb\u011bhu lidsk\u00e9 existence neexistoval jedin\u00fd moment, za kter\u00fdm by n\u00e1sledovala nula, pr\u00e1zdno a ticho. Je to umanutost \u017eivota, kter\u00e1 n\u00e1s zachra\u0148uje.<\/p>\n\n\n\n<p class=\"wp-block-paragraph\">Kdy\u017e jsem byla p\u0159ed dv\u011bma lety v Osv\u011btimi (Auschwitz-Birkenau), d\u00edvala jsem se na dlouh\u00e9 \u0161ed\u00e9 bar\u00e1ky, v kter\u00fdch lidi pro\u017e\u00edvali za holocaustu nep\u0159edstaviteln\u00e9 muky a \u00fatrapy. Bojovali o \u017eivot v nelidsk\u00fdch podm\u00ednk\u00e1ch. Byli zbaveni ve\u0161ker\u00e9 lidsk\u00e9 d\u016fstojnosti. Stali se pouh\u00fdmi \u010d\u00edsly bez vlas\u016f, \u0161at\u016f, i bez vlastn\u00edho t\u011bla. Zbo\u017e\u00edm k tov\u00e1rn\u00edmu zpracov\u00e1n\u00ed. P\u0159esto cht\u011bli \u017e\u00edt. Po 80-ti letech od konce nacistick\u00e9ho \u0161\u00edlenstv\u00ed na m\u00edstech, kde byl kdysi vzduch na\u010dichl\u00fd pachem p\u00e1l\u00edc\u00edch lidsk\u00fdch t\u011bl, smrdut\u00e1 hl\u00edna nasycen\u00e1 krv\u00ed a slzami a zlov\u011bstn\u00e9 ticho naru\u0161ovan\u00e9 k\u0159ikem, palbou a pl\u00e1\u010dem, znovu rostla tr\u00e1va a kytky. V\u0161e o\u017e\u00edvalo, jakoby hr\u016fzy holocaustu nikdy neexistovaly a minulost byla jen p\u0159\u00edzrak zl\u00fdch sn\u016f a no\u010dn\u00edch m\u016fr. Na m\u00edst\u011b utrpen\u00ed znovu o\u017eil \u017eivot. Nebyl spout\u00e1n nen\u00e1vist\u00ed, ideologi\u00ed lid\u00ed a sv\u011bta, kter\u00e1 to zp\u016fsobila. Z\u016fstal jen otisk a st\u00edn utrpen\u00ed v pam\u011bti \u017eivota, kter\u00fd ra\u0161il plnou silou.<\/p>\n\n\n\n<p class=\"wp-block-paragraph\">Ho\u0159kost, smutek a slzy se v\u017edy prom\u011b\u0148uj\u00ed v tr\u00e1vu a kytky. Smrtn\u00e1 \u0161ed\u00e1 p\u0159ech\u00e1z\u00ed do barev \u017eivota. \u017divot v\u00edt\u011bz\u00ed. V ka\u017ed\u00e9m okam\u017eiku, v ka\u017ed\u00e9 osobn\u00ed i spole\u010densk\u00e9 temnot\u011b. Nen\u00ed to m\u016fj naivn\u00ed optimismus, ale realita \u017eivota. \u017divot bojuje o \u017eivot. Nevzd\u00e1v\u00e1 se a tas\u00ed zbran\u011b proti zlu sv\u00fdmi mal\u00fdmi kr\u016f\u010dky. A nen\u00ed nic, co by mu v tom zabr\u00e1nilo. \u017divotu je na\u0161e beznad\u011bj \u010di nev\u00edra jedno. Jede si svou, znovu se nadechne, d\u00fdch\u00e1, roste a kvete.<\/p>\n\n\n\n<p class=\"wp-block-paragraph\">Pro\u010d mus\u00ed existovat temnota, kdov\u00ed. Ale v n\u00ed je sv\u011btlo zjevn\u011bj\u0161\u00ed, z\u0159eteln\u011bj\u0161\u00ed a viditeln\u011bj\u0161\u00ed. V temnot\u011b sv\u011btlo vid\u00ed\u0161, ale ve sv\u011btle jsou sv\u011btla neviditeln\u00e1.&nbsp;<\/p>\n\n\n\n<p class=\"wp-block-paragraph\">Na\u0161\u00edm sv\u011btlem v Talentu je tvorba. Nic jin\u00e9ho nem\u00e1me. Jen oby\u010dejnou radost, kdy\u017e jsme spolu a tvo\u0159\u00edme. Kdy\u017e zapomeneme na vn\u011bj\u0161\u00ed sv\u011bt a okolnosti, kter\u00e9 n\u00e1s su\u017euj\u00ed a tr\u00fdzn\u00ed. Kdy\u017e p\u00ed\u0161eme, mluv\u00edme, improvizujeme. Jsme sami se sebou a ostatn\u00edmi. V na\u0161em vlastn\u00edm sv\u011bt\u011b hry a tvorby, s vnit\u0159n\u00edmi obrazy, kter\u00e9 si vytv\u00e1\u0159\u00edme. T\u00edm m\u016f\u017eeme existovat, proto\u017ee m\u00e1me sv\u011btl\u00fd bod. Bod n\u00e1s sam\u00fdch, na\u0161\u00ed fantazie a p\u0159\u00edb\u011bh\u016f, vnit\u0159n\u00edho byt\u00ed. Ka\u017ed\u00e9ho kroku, kter\u00fd spole\u010dn\u011b ud\u011bl\u00e1me a cestou, kterou projdeme. To je na\u0161e nad\u011bje. A snad to nen\u00ed tak m\u00e1lo.<\/p>\n\n\n\n<p class=\"wp-block-paragraph\">Erika Merjav\u00e1<\/p>\n","protected":false},"excerpt":{"rendered":"<p>Lidstvo proch\u00e1z\u00ed slo\u017eit\u00fdm obdob\u00edm. Jakoby se v\u0161e zatemnilo a my hled\u00e1me aspo\u0148 z\u00e1blesk paprsku sv\u011btla v temnot\u011b, kter\u00e1 n\u00e1s obklopuje.&nbsp; Ale temnota je pouh\u00fd okam\u017eik v p\u0159\u00edb\u011bhu na\u0161ich d\u011bjin. Nen\u00ed kone\u010dnou podstatou, proto\u017ee pak by v\u011bci skon\u010dily a my u\u017e nebyli. Ale my po\u0159\u00e1d \u017eijeme. Lidstvo pokra\u010duje d\u00e1l mal\u00fdmi kr\u016f\u010dky a vytv\u00e1\u0159\u00ed prostor, kter\u00fd nen\u00ed [&hellip;]<\/p>\n","protected":false},"author":1,"featured_media":0,"parent":0,"menu_order":0,"comment_status":"closed","ping_status":"closed","template":"","meta":{"episode_type":"","audio_file":"","podmotor_file_id":"","podmotor_episode_id":"","cover_image":"","cover_image_id":"","duration":"","filesize":"","filesize_raw":"","date_recorded":"","explicit":"","block":"","itunes_episode_number":"","itunes_title":"","itunes_season_number":"","itunes_episode_type":"","footnotes":""},"class_list":["post-339","page","type-page","status-publish","hentry"],"blocksy_meta":{"styles_descriptor":{"styles":{"desktop":"","tablet":"","mobile":""},"google_fonts":[],"version":7}},"aioseo_notices":[],"aioseo_head":"\n\t\t<!-- All in One SEO 5.0.1.1 - aioseo.com -->\n\t<meta name=\"description\" content=\"Lidstvo proch\u00e1z\u00ed slo\u017eit\u00fdm obdob\u00edm. Jakoby se v\u0161e zatemnilo a my hled\u00e1me aspo\u0148 z\u00e1blesk paprsku sv\u011btla v temnot\u011b, kter\u00e1 n\u00e1s obklopuje. Ale temnota je pouh\u00fd okam\u017eik v p\u0159\u00edb\u011bhu na\u0161ich d\u011bjin. Nen\u00ed kone\u010dnou podstatou, proto\u017ee pak by v\u011bci skon\u010dily a my u\u017e nebyli. Ale my po\u0159\u00e1d \u017eijeme. Lidstvo pokra\u010duje d\u00e1l mal\u00fdmi kr\u016f\u010dky a vytv\u00e1\u0159\u00ed prostor, kter\u00fd nen\u00ed\" \/>\n\t<meta name=\"robots\" content=\"max-image-preview:large\" \/>\n\t<link rel=\"canonical\" href=\"https:\/\/www.erikamerjava.cz\/index.php\/zivot-bojuje-o-zivot\/\" \/>\n\t<meta name=\"generator\" content=\"All in One SEO (AIOSEO) 5.0.1.1\" \/>\n\t\t<meta property=\"og:locale\" content=\"cs_CZ\" \/>\n\t\t<meta property=\"og:site_name\" content=\"Erika Merjav\u00e1 -\" \/>\n\t\t<meta property=\"og:type\" content=\"article\" \/>\n\t\t<meta property=\"og:title\" content=\"\u017divot bojuje o \u017eivot - Erika Merjav\u00e1\" \/>\n\t\t<meta property=\"og:description\" content=\"Lidstvo proch\u00e1z\u00ed slo\u017eit\u00fdm obdob\u00edm. Jakoby se v\u0161e zatemnilo a my hled\u00e1me aspo\u0148 z\u00e1blesk paprsku sv\u011btla v temnot\u011b, kter\u00e1 n\u00e1s obklopuje. Ale temnota je pouh\u00fd okam\u017eik v p\u0159\u00edb\u011bhu na\u0161ich d\u011bjin. Nen\u00ed kone\u010dnou podstatou, proto\u017ee pak by v\u011bci skon\u010dily a my u\u017e nebyli. Ale my po\u0159\u00e1d \u017eijeme. Lidstvo pokra\u010duje d\u00e1l mal\u00fdmi kr\u016f\u010dky a vytv\u00e1\u0159\u00ed prostor, kter\u00fd nen\u00ed\" \/>\n\t\t<meta property=\"og:url\" content=\"https:\/\/www.erikamerjava.cz\/index.php\/zivot-bojuje-o-zivot\/\" \/>\n\t\t<meta property=\"article:published_time\" content=\"2026-09-05T20:39:17+00:00\" \/>\n\t\t<meta property=\"article:modified_time\" content=\"2026-09-05T20:39:17+00:00\" \/>\n\t\t<meta name=\"twitter:card\" content=\"summary_large_image\" \/>\n\t\t<meta name=\"twitter:title\" content=\"\u017divot bojuje o \u017eivot - Erika Merjav\u00e1\" \/>\n\t\t<meta name=\"twitter:description\" content=\"Lidstvo proch\u00e1z\u00ed slo\u017eit\u00fdm obdob\u00edm. Jakoby se v\u0161e zatemnilo a my hled\u00e1me aspo\u0148 z\u00e1blesk paprsku sv\u011btla v temnot\u011b, kter\u00e1 n\u00e1s obklopuje. Ale temnota je pouh\u00fd okam\u017eik v p\u0159\u00edb\u011bhu na\u0161ich d\u011bjin. Nen\u00ed kone\u010dnou podstatou, proto\u017ee pak by v\u011bci skon\u010dily a my u\u017e nebyli. Ale my po\u0159\u00e1d \u017eijeme. Lidstvo pokra\u010duje d\u00e1l mal\u00fdmi kr\u016f\u010dky a vytv\u00e1\u0159\u00ed prostor, kter\u00fd nen\u00ed\" \/>\n\t\t<script type=\"application\/ld+json\" class=\"aioseo-schema\">\n\t\t\t{\"@context\":\"https:\\\/\\\/schema.org\",\"@graph\":[{\"@type\":\"BreadcrumbList\",\"@id\":\"https:\\\/\\\/www.erikamerjava.cz\\\/index.php\\\/zivot-bojuje-o-zivot\\\/#breadcrumblist\",\"itemListElement\":[{\"@type\":\"ListItem\",\"@id\":\"https:\\\/\\\/www.erikamerjava.cz#listItem\",\"position\":1,\"name\":\"Home\",\"item\":\"https:\\\/\\\/www.erikamerjava.cz\",\"nextItem\":{\"@type\":\"ListItem\",\"@id\":\"https:\\\/\\\/www.erikamerjava.cz\\\/index.php\\\/zivot-bojuje-o-zivot\\\/#listItem\",\"name\":\"\\u017divot bojuje o \\u017eivot\"}},{\"@type\":\"ListItem\",\"@id\":\"https:\\\/\\\/www.erikamerjava.cz\\\/index.php\\\/zivot-bojuje-o-zivot\\\/#listItem\",\"position\":2,\"name\":\"\\u017divot bojuje o \\u017eivot\",\"previousItem\":{\"@type\":\"ListItem\",\"@id\":\"https:\\\/\\\/www.erikamerjava.cz#listItem\",\"name\":\"Home\"}}]},{\"@type\":\"Organization\",\"@id\":\"https:\\\/\\\/www.erikamerjava.cz\\\/#organization\",\"name\":\"Erika Merjav\\u00e1\",\"url\":\"https:\\\/\\\/www.erikamerjava.cz\\\/\"},{\"@type\":\"WebPage\",\"@id\":\"https:\\\/\\\/www.erikamerjava.cz\\\/index.php\\\/zivot-bojuje-o-zivot\\\/#webpage\",\"url\":\"https:\\\/\\\/www.erikamerjava.cz\\\/index.php\\\/zivot-bojuje-o-zivot\\\/\",\"name\":\"\\u017divot bojuje o \\u017eivot - Erika Merjav\\u00e1\",\"description\":\"Lidstvo proch\\u00e1z\\u00ed slo\\u017eit\\u00fdm obdob\\u00edm. Jakoby se v\\u0161e zatemnilo a my hled\\u00e1me aspo\\u0148 z\\u00e1blesk paprsku sv\\u011btla v temnot\\u011b, kter\\u00e1 n\\u00e1s obklopuje. Ale temnota je pouh\\u00fd okam\\u017eik v p\\u0159\\u00edb\\u011bhu na\\u0161ich d\\u011bjin. Nen\\u00ed kone\\u010dnou podstatou, proto\\u017ee pak by v\\u011bci skon\\u010dily a my u\\u017e nebyli. Ale my po\\u0159\\u00e1d \\u017eijeme. Lidstvo pokra\\u010duje d\\u00e1l mal\\u00fdmi kr\\u016f\\u010dky a vytv\\u00e1\\u0159\\u00ed prostor, kter\\u00fd nen\\u00ed\",\"inLanguage\":\"cs-CZ\",\"isPartOf\":{\"@id\":\"https:\\\/\\\/www.erikamerjava.cz\\\/#website\"},\"breadcrumb\":{\"@id\":\"https:\\\/\\\/www.erikamerjava.cz\\\/index.php\\\/zivot-bojuje-o-zivot\\\/#breadcrumblist\"},\"datePublished\":\"2026-09-05T22:39:17+02:00\",\"dateModified\":\"2026-09-05T22:39:17+02:00\"},{\"@type\":\"WebSite\",\"@id\":\"https:\\\/\\\/www.erikamerjava.cz\\\/#website\",\"url\":\"https:\\\/\\\/www.erikamerjava.cz\\\/\",\"name\":\"Erika Merjav\\u00e1\",\"inLanguage\":\"cs-CZ\",\"publisher\":{\"@id\":\"https:\\\/\\\/www.erikamerjava.cz\\\/#organization\"}}]}\n\t\t<\/script>\n\t\t<!-- All in One SEO -->\n\n","aioseo_head_json":{"title":"\u017divot bojuje o \u017eivot - Erika Merjav\u00e1","description":"Lidstvo proch\u00e1z\u00ed slo\u017eit\u00fdm obdob\u00edm. Jakoby se v\u0161e zatemnilo a my hled\u00e1me aspo\u0148 z\u00e1blesk paprsku sv\u011btla v temnot\u011b, kter\u00e1 n\u00e1s obklopuje. Ale temnota je pouh\u00fd okam\u017eik v p\u0159\u00edb\u011bhu na\u0161ich d\u011bjin. Nen\u00ed kone\u010dnou podstatou, proto\u017ee pak by v\u011bci skon\u010dily a my u\u017e nebyli. Ale my po\u0159\u00e1d \u017eijeme. Lidstvo pokra\u010duje d\u00e1l mal\u00fdmi kr\u016f\u010dky a vytv\u00e1\u0159\u00ed prostor, kter\u00fd nen\u00ed","canonical_url":"https:\/\/www.erikamerjava.cz\/index.php\/zivot-bojuje-o-zivot\/","robots":"max-image-preview:large","keywords":"","webmasterTools":{"miscellaneous":""},"schema":{"@context":"https:\/\/schema.org","@graph":[{"@type":"BreadcrumbList","@id":"https:\/\/www.erikamerjava.cz\/index.php\/zivot-bojuje-o-zivot\/#breadcrumblist","itemListElement":[{"@type":"ListItem","@id":"https:\/\/www.erikamerjava.cz#listItem","position":1,"name":"Home","item":"https:\/\/www.erikamerjava.cz","nextItem":{"@type":"ListItem","@id":"https:\/\/www.erikamerjava.cz\/index.php\/zivot-bojuje-o-zivot\/#listItem","name":"\u017divot bojuje o \u017eivot"}},{"@type":"ListItem","@id":"https:\/\/www.erikamerjava.cz\/index.php\/zivot-bojuje-o-zivot\/#listItem","position":2,"name":"\u017divot bojuje o \u017eivot","previousItem":{"@type":"ListItem","@id":"https:\/\/www.erikamerjava.cz#listItem","name":"Home"}}]},{"@type":"Organization","@id":"https:\/\/www.erikamerjava.cz\/#organization","name":"Erika Merjav\u00e1","url":"https:\/\/www.erikamerjava.cz\/"},{"@type":"WebPage","@id":"https:\/\/www.erikamerjava.cz\/index.php\/zivot-bojuje-o-zivot\/#webpage","url":"https:\/\/www.erikamerjava.cz\/index.php\/zivot-bojuje-o-zivot\/","name":"\u017divot bojuje o \u017eivot - Erika Merjav\u00e1","description":"Lidstvo proch\u00e1z\u00ed slo\u017eit\u00fdm obdob\u00edm. Jakoby se v\u0161e zatemnilo a my hled\u00e1me aspo\u0148 z\u00e1blesk paprsku sv\u011btla v temnot\u011b, kter\u00e1 n\u00e1s obklopuje. Ale temnota je pouh\u00fd okam\u017eik v p\u0159\u00edb\u011bhu na\u0161ich d\u011bjin. Nen\u00ed kone\u010dnou podstatou, proto\u017ee pak by v\u011bci skon\u010dily a my u\u017e nebyli. Ale my po\u0159\u00e1d \u017eijeme. Lidstvo pokra\u010duje d\u00e1l mal\u00fdmi kr\u016f\u010dky a vytv\u00e1\u0159\u00ed prostor, kter\u00fd nen\u00ed","inLanguage":"cs-CZ","isPartOf":{"@id":"https:\/\/www.erikamerjava.cz\/#website"},"breadcrumb":{"@id":"https:\/\/www.erikamerjava.cz\/index.php\/zivot-bojuje-o-zivot\/#breadcrumblist"},"datePublished":"2026-09-05T22:39:17+02:00","dateModified":"2026-09-05T22:39:17+02:00"},{"@type":"WebSite","@id":"https:\/\/www.erikamerjava.cz\/#website","url":"https:\/\/www.erikamerjava.cz\/","name":"Erika Merjav\u00e1","inLanguage":"cs-CZ","publisher":{"@id":"https:\/\/www.erikamerjava.cz\/#organization"}}]},"og:locale":"cs_CZ","og:site_name":"Erika Merjav\u00e1 -","og:type":"article","og:title":"\u017divot bojuje o \u017eivot - Erika Merjav\u00e1","og:description":"Lidstvo proch\u00e1z\u00ed slo\u017eit\u00fdm obdob\u00edm. Jakoby se v\u0161e zatemnilo a my hled\u00e1me aspo\u0148 z\u00e1blesk paprsku sv\u011btla v temnot\u011b, kter\u00e1 n\u00e1s obklopuje. Ale temnota je pouh\u00fd okam\u017eik v p\u0159\u00edb\u011bhu na\u0161ich d\u011bjin. Nen\u00ed kone\u010dnou podstatou, proto\u017ee pak by v\u011bci skon\u010dily a my u\u017e nebyli. Ale my po\u0159\u00e1d \u017eijeme. Lidstvo pokra\u010duje d\u00e1l mal\u00fdmi kr\u016f\u010dky a vytv\u00e1\u0159\u00ed prostor, kter\u00fd nen\u00ed","og:url":"https:\/\/www.erikamerjava.cz\/index.php\/zivot-bojuje-o-zivot\/","article:published_time":"2026-09-05T20:39:17+00:00","article:modified_time":"2026-09-05T20:39:17+00:00","twitter:card":"summary_large_image","twitter:title":"\u017divot bojuje o \u017eivot - Erika Merjav\u00e1","twitter:description":"Lidstvo proch\u00e1z\u00ed slo\u017eit\u00fdm obdob\u00edm. Jakoby se v\u0161e zatemnilo a my hled\u00e1me aspo\u0148 z\u00e1blesk paprsku sv\u011btla v temnot\u011b, kter\u00e1 n\u00e1s obklopuje. Ale temnota je pouh\u00fd okam\u017eik v p\u0159\u00edb\u011bhu na\u0161ich d\u011bjin. Nen\u00ed kone\u010dnou podstatou, proto\u017ee pak by v\u011bci skon\u010dily a my u\u017e nebyli. Ale my po\u0159\u00e1d \u017eijeme. Lidstvo pokra\u010duje d\u00e1l mal\u00fdmi kr\u016f\u010dky a vytv\u00e1\u0159\u00ed prostor, kter\u00fd nen\u00ed"},"aioseo_meta_data":{"post_id":"339","title":null,"description":null,"keywords":null,"keyphrases":{"focus":{"keyphrase":"","score":0,"analysis":{"keyphraseInTitle":{"score":0,"maxScore":9,"error":1}}},"additional":[]},"focus_keyword":null,"additional_keywords":null,"truseo_locale":null,"primary_term":null,"canonical_url":null,"og_title":null,"og_description":null,"og_object_type":"default","og_image_type":"default","og_image_custom_url":null,"og_image_custom_fields":null,"og_image_url":null,"og_image_width":null,"og_image_height":null,"og_video":"","og_custom_url":null,"og_article_section":null,"og_article_tags":null,"twitter_use_og":false,"twitter_card":"default","twitter_image_type":"default","twitter_image_custom_url":null,"twitter_image_custom_fields":null,"twitter_image_url":null,"twitter_title":null,"twitter_description":null,"schema_type":"default","schema_type_options":null,"schema":{"blockGraphs":[],"customGraphs":[],"default":{"data":{"Article":[],"Course":[],"Dataset":[],"FAQPage":[],"Movie":[],"Person":[],"Product":[],"ProductReview":[],"Car":[],"Recipe":[],"Service":[],"SoftwareApplication":[],"WebPage":[]},"graphName":"WebPage","isEnabled":true},"graphs":[]},"pillar_content":false,"robots_default":true,"robots_noindex":false,"robots_noarchive":false,"robots_nosnippet":false,"robots_nofollow":false,"robots_noimageindex":false,"robots_noodp":false,"robots_notranslate":false,"robots_max_snippet":"-1","robots_max_videopreview":"-1","robots_max_imagepreview":"large","priority":null,"frequency":"default","local_seo":null,"limit_modified_date":false,"ai":{"faqs":[],"keyPoints":[],"schemas":[],"titles":[],"descriptions":[],"socialPosts":{"email":{"subject":"","preview":"","content":""},"linkedin":[],"twitter":[],"facebook":[],"instagram":[]}},"breadcrumb_settings":null,"seo_analyzer_scan_date":null,"created":"2026-09-05 20:39:17","updated":"2026-09-05 21:07:47"},"aioseo_breadcrumb":"<div class=\"aioseo-breadcrumbs\"><span class=\"aioseo-breadcrumb\">\n\t\t\t<a href=\"https:\/\/www.erikamerjava.cz\" title=\"Home\">Home<\/a>\n\t\t<\/span><span class=\"aioseo-breadcrumb-separator\">&raquo;<\/span><span class=\"aioseo-breadcrumb\">\n\t\t\t\u017divot bojuje o \u017eivot\n\t\t<\/span><\/div>","aioseo_breadcrumb_json":[{"label":"Home","link":"https:\/\/www.erikamerjava.cz"},{"label":"\u017divot bojuje o \u017eivot","link":"https:\/\/www.erikamerjava.cz\/index.php\/zivot-bojuje-o-zivot\/"}],"_links":{"self":[{"href":"https:\/\/www.erikamerjava.cz\/index.php\/wp-json\/wp\/v2\/pages\/339","targetHints":{"allow":["GET"]}}],"collection":[{"href":"https:\/\/www.erikamerjava.cz\/index.php\/wp-json\/wp\/v2\/pages"}],"about":[{"href":"https:\/\/www.erikamerjava.cz\/index.php\/wp-json\/wp\/v2\/types\/page"}],"author":[{"embeddable":true,"href":"https:\/\/www.erikamerjava.cz\/index.php\/wp-json\/wp\/v2\/users\/1"}],"replies":[{"embeddable":true,"href":"https:\/\/www.erikamerjava.cz\/index.php\/wp-json\/wp\/v2\/comments?post=339"}],"version-history":[{"count":1,"href":"https:\/\/www.erikamerjava.cz\/index.php\/wp-json\/wp\/v2\/pages\/339\/revisions"}],"predecessor-version":[{"id":340,"href":"https:\/\/www.erikamerjava.cz\/index.php\/wp-json\/wp\/v2\/pages\/339\/revisions\/340"}],"wp:attachment":[{"href":"https:\/\/www.erikamerjava.cz\/index.php\/wp-json\/wp\/v2\/media?parent=339"}],"curies":[{"name":"wp","href":"https:\/\/api.w.org\/{rel}","templated":true}]}}