{"id":300,"date":"2026-09-05T20:36:50","date_gmt":"2026-09-05T18:36:50","guid":{"rendered":"https:\/\/www.erikamerjava.cz\/?page_id=300"},"modified":"2026-09-05T20:56:55","modified_gmt":"2026-09-05T18:56:55","slug":"program-pro-odborniky-podzim-2026","status":"publish","type":"page","link":"https:\/\/www.erikamerjava.cz\/index.php\/program-pro-odborniky-podzim-2026\/","title":{"rendered":"Program pro odborn\u00edky \/ podzim 2026"},"content":{"rendered":"\n<p class=\"wp-block-paragraph\">Program je ur\u010den p\u0159edev\u0161\u00edm pedagog\u016fm, terapeut\u016fm a psycholog\u016fm, kreativc\u016fm, pracovn\u00edk\u016fm pom\u00e1haj\u00edc\u00edch profes\u00ed, um\u011blc\u016fm, student\u016fm t\u011bchto obor\u016f i dal\u0161\u00edm profesion\u00e1l\u016fm, kte\u0159\u00ed ve sv\u00e9 pr\u00e1ci pracuj\u00ed s lidmi a cht\u011bj\u00ed rozv\u00edjet hlub\u0161\u00ed porozum\u011bn\u00ed procesu komunikace, tvo\u0159ivosti a lidsk\u00e9ho jedn\u00e1n\u00ed.&nbsp;<\/p>\n\n\n\n<p class=\"wp-block-paragraph\">KDY: 16.9.2026-9.12.2026, ST: 17:00-18:30<\/p>\n\n\n\n<p class=\"wp-block-paragraph\">KDE: Vr\u0161ovick\u00e9 divadlo Mana, Praha 10-Vr\u0161ovice<\/p>\n\n\n\n<p class=\"wp-block-paragraph\">LEKTOR: Erika Merjav\u00e1<\/p>\n\n\n\n<p class=\"wp-block-paragraph\">KAPACITA: 12<\/p>\n\n\n\n<p class=\"wp-block-paragraph\"><strong>OBSAH A C\u00cdL PROGRAMU<\/strong><\/p>\n\n\n\n<ul class=\"wp-block-list\">\n<li>Pr\u00e1ce v programu vytv\u00e1\u0159\u00ed prostor pro sebezku\u0161enost \u2013 studium vlastn\u00edho t\u011bla, pohybu, hlasu, dramatick\u00e9ho jedn\u00e1n\u00ed z psychosomatick\u00e9 perspektivy. Vych\u00e1z\u00edme z p\u0159edpokladu, \u017ee v t\u011bchto profes\u00edch se \u010dlov\u011bk st\u00e1v\u00e1 \u201ejedna\u010dem\u201c v dramatick\u00fdch situac\u00edch a jako takov\u00fd pot\u0159ebuje ur\u010ditou dramatickou zku\u0161enost a schopnost se v t\u011bchto situac\u00edch pohybovat a reagovat. V\u00fdznamnou \u010d\u00e1st jednotliv\u00fdch lekc\u00ed tvo\u0159\u00ed reflexe a zp\u011btn\u00e1 vazba.<\/li>\n\n\n\n<li>\u00da\u010dastn\u00edci maj\u00ed mo\u017enost reflektovat sv\u00e9 jedn\u00e1n\u00ed, rozv\u00edjet vn\u00edmavost k sob\u011b i k druh\u00fdm a hledat nov\u00e9 mo\u017enosti pr\u00e1ce s nejistotou, tlakem nebo ne\u010dekan\u00fdmi situacemi, kter\u00e9 jsou p\u0159irozenou sou\u010d\u00e1st\u00ed profesn\u00ed praxe.<\/li>\n\n\n\n<li>Proces je inspirov\u00e1n divadeln\u00ed zku\u0161enost\u00ed a dialogick\u00fdm p\u0159\u00edstupem (komplexn\u00ed psychosomatickou discipl\u00ednou Dialogick\u00e9 jedn\u00e1n\u00ed s vnit\u0159n\u00edm partnerem), kter\u00e9 umo\u017e\u0148uj\u00ed zkoumat lidsk\u00e9 jedn\u00e1n\u00ed v \u017eiv\u00e9 situaci a v bezpe\u010dn\u00e9m prost\u0159ed\u00ed experimentovat s r\u016fzn\u00fdmi zp\u016fsoby reagov\u00e1n\u00ed.<\/li>\n\n\n\n<li>Program p\u0159edstavuje nejen prostor pro osobnostn\u00ed rozvoj, ale tak\u00e9 inspiraci pro pedagogickou, terapeutickou \u010di um\u011bleckou praxi a pro hled\u00e1n\u00ed tvo\u0159iv\u011bj\u0161\u00edch a otev\u0159en\u011bj\u0161\u00edch p\u0159\u00edstup\u016f k pr\u00e1ci s lidmi.<\/li>\n<\/ul>\n\n\n\n<p class=\"wp-block-paragraph\">CENA: 10.800,- K\u010d (12 lekc\u00ed)<\/p>\n\n\n\n<p class=\"wp-block-paragraph\"><strong>REZERVACE M\u00cdSTA A PLATBA<\/strong><\/p>\n\n\n\n<p class=\"wp-block-paragraph\">M\u00edsto v\u00e1m rezervujeme po zaplacen\u00ed z\u00e1lohy ve v\u00fd\u0161i 5400,- K\u010d.. Doplatek je splatn\u00fd do konce srpna 2026.<\/p>\n\n\n\n<p class=\"wp-block-paragraph\">Platbu prove\u010fte p\u0159evodem na \u00fa\u010det \u010d. 2101067297\/2010. Do pozn\u00e1mky pro p\u0159\u00edjemce uve\u010fte jm\u00e9no \u00fa\u010dastn\u00edka programu.<\/p>\n\n\n\n<p class=\"wp-block-paragraph\"><strong>PODM\u00cdNKY ZRU\u0160EN\u00cd \u00da\u010cASTI (STORNO)<\/strong><\/p>\n\n\n\n<ul class=\"wp-block-list\">\n<li>v\u00edce ne\u017e 30 dn\u00ed p\u0159ed zah\u00e1jen\u00edm kurzu: vrac\u00edme 100 % z ceny<\/li>\n\n\n\n<li>14\u201330 dn\u00ed p\u0159ed zah\u00e1jen\u00edm kurzu: vrac\u00edme 50 % z ceny<\/li>\n\n\n\n<li>m\u00e9n\u011b ne\u017e 14 dn\u00ed p\u0159ed zah\u00e1jen\u00edm kurzu: kurzovn\u00e9 se nevrac\u00ed<\/li>\n<\/ul>\n\n\n\n<p class=\"wp-block-paragraph\">Pokud za sebe najdete n\u00e1hradn\u00edka, je mo\u017en\u00e9 p\u0159ev\u00e9st \u00fa\u010dast bez storno poplatku.<\/p>\n\n\n\n<p class=\"wp-block-paragraph\">U absence nevznik\u00e1 n\u00e1rok na vr\u00e1cen\u00ed \u00faplaty za absentovan\u00e9 hodiny.<\/p>\n","protected":false},"excerpt":{"rendered":"<p>Program je ur\u010den p\u0159edev\u0161\u00edm pedagog\u016fm, terapeut\u016fm a psycholog\u016fm, kreativc\u016fm, pracovn\u00edk\u016fm pom\u00e1haj\u00edc\u00edch profes\u00ed, um\u011blc\u016fm, student\u016fm t\u011bchto obor\u016f i dal\u0161\u00edm profesion\u00e1l\u016fm, kte\u0159\u00ed ve sv\u00e9 pr\u00e1ci pracuj\u00ed s lidmi a cht\u011bj\u00ed rozv\u00edjet hlub\u0161\u00ed porozum\u011bn\u00ed procesu komunikace, tvo\u0159ivosti a lidsk\u00e9ho jedn\u00e1n\u00ed.&nbsp; KDY: 16.9.2026-9.12.2026, ST: 17:00-18:30 KDE: Vr\u0161ovick\u00e9 divadlo Mana, Praha 10-Vr\u0161ovice LEKTOR: Erika Merjav\u00e1 KAPACITA: 12 OBSAH A C\u00cdL [&hellip;]<\/p>\n","protected":false},"author":1,"featured_media":0,"parent":0,"menu_order":0,"comment_status":"closed","ping_status":"closed","template":"","meta":{"episode_type":"","audio_file":"","podmotor_file_id":"","podmotor_episode_id":"","cover_image":"","cover_image_id":"","duration":"","filesize":"","filesize_raw":"","date_recorded":"","explicit":"","block":"","itunes_episode_number":"","itunes_title":"","itunes_season_number":"","itunes_episode_type":"","footnotes":""},"class_list":["post-300","page","type-page","status-publish","hentry"],"blocksy_meta":{"styles_descriptor":{"styles":{"desktop":"","tablet":"","mobile":""},"google_fonts":[],"version":7}},"aioseo_notices":[],"aioseo_head":"\n\t\t<!-- All in One SEO 5.0.1.1 - aioseo.com -->\n\t<meta name=\"description\" content=\"Program je ur\u010den p\u0159edev\u0161\u00edm pedagog\u016fm, terapeut\u016fm a psycholog\u016fm, kreativc\u016fm, pracovn\u00edk\u016fm pom\u00e1haj\u00edc\u00edch profes\u00ed, um\u011blc\u016fm, student\u016fm t\u011bchto obor\u016f i dal\u0161\u00edm profesion\u00e1l\u016fm, kte\u0159\u00ed ve sv\u00e9 pr\u00e1ci pracuj\u00ed s lidmi a cht\u011bj\u00ed rozv\u00edjet hlub\u0161\u00ed porozum\u011bn\u00ed procesu komunikace, tvo\u0159ivosti a lidsk\u00e9ho jedn\u00e1n\u00ed. KDY: 16.9.2026-9.12.2026, ST: 17:00-18:30 KDE: Vr\u0161ovick\u00e9 divadlo Mana, Praha 10-Vr\u0161ovice LEKTOR: Erika Merjav\u00e1 KAPACITA: 12 OBSAH A C\u00cdL\" \/>\n\t<meta name=\"robots\" content=\"max-image-preview:large\" \/>\n\t<link rel=\"canonical\" href=\"https:\/\/www.erikamerjava.cz\/index.php\/program-pro-odborniky-podzim-2026\/\" \/>\n\t<meta name=\"generator\" content=\"All in One SEO (AIOSEO) 5.0.1.1\" \/>\n\t\t<meta property=\"og:locale\" content=\"cs_CZ\" \/>\n\t\t<meta property=\"og:site_name\" content=\"Erika Merjav\u00e1 -\" \/>\n\t\t<meta property=\"og:type\" content=\"article\" \/>\n\t\t<meta property=\"og:title\" content=\"Program pro odborn\u00edky \/ podzim 2026 - Erika Merjav\u00e1\" \/>\n\t\t<meta property=\"og:description\" content=\"Program je ur\u010den p\u0159edev\u0161\u00edm pedagog\u016fm, terapeut\u016fm a psycholog\u016fm, kreativc\u016fm, pracovn\u00edk\u016fm pom\u00e1haj\u00edc\u00edch profes\u00ed, um\u011blc\u016fm, student\u016fm t\u011bchto obor\u016f i dal\u0161\u00edm profesion\u00e1l\u016fm, kte\u0159\u00ed ve sv\u00e9 pr\u00e1ci pracuj\u00ed s lidmi a cht\u011bj\u00ed rozv\u00edjet hlub\u0161\u00ed porozum\u011bn\u00ed procesu komunikace, tvo\u0159ivosti a lidsk\u00e9ho jedn\u00e1n\u00ed. KDY: 16.9.2026-9.12.2026, ST: 17:00-18:30 KDE: Vr\u0161ovick\u00e9 divadlo Mana, Praha 10-Vr\u0161ovice LEKTOR: Erika Merjav\u00e1 KAPACITA: 12 OBSAH A C\u00cdL\" \/>\n\t\t<meta property=\"og:url\" content=\"https:\/\/www.erikamerjava.cz\/index.php\/program-pro-odborniky-podzim-2026\/\" \/>\n\t\t<meta property=\"article:published_time\" content=\"2026-09-05T18:36:50+00:00\" \/>\n\t\t<meta property=\"article:modified_time\" content=\"2026-09-05T18:56:55+00:00\" \/>\n\t\t<meta name=\"twitter:card\" content=\"summary_large_image\" \/>\n\t\t<meta name=\"twitter:title\" content=\"Program pro odborn\u00edky \/ podzim 2026 - Erika Merjav\u00e1\" \/>\n\t\t<meta name=\"twitter:description\" content=\"Program je ur\u010den p\u0159edev\u0161\u00edm pedagog\u016fm, terapeut\u016fm a psycholog\u016fm, kreativc\u016fm, pracovn\u00edk\u016fm pom\u00e1haj\u00edc\u00edch profes\u00ed, um\u011blc\u016fm, student\u016fm t\u011bchto obor\u016f i dal\u0161\u00edm profesion\u00e1l\u016fm, kte\u0159\u00ed ve sv\u00e9 pr\u00e1ci pracuj\u00ed s lidmi a cht\u011bj\u00ed rozv\u00edjet hlub\u0161\u00ed porozum\u011bn\u00ed procesu komunikace, tvo\u0159ivosti a lidsk\u00e9ho jedn\u00e1n\u00ed. KDY: 16.9.2026-9.12.2026, ST: 17:00-18:30 KDE: Vr\u0161ovick\u00e9 divadlo Mana, Praha 10-Vr\u0161ovice LEKTOR: Erika Merjav\u00e1 KAPACITA: 12 OBSAH A C\u00cdL\" \/>\n\t\t<script type=\"application\/ld+json\" class=\"aioseo-schema\">\n\t\t\t{\"@context\":\"https:\\\/\\\/schema.org\",\"@graph\":[{\"@type\":\"BreadcrumbList\",\"@id\":\"https:\\\/\\\/www.erikamerjava.cz\\\/index.php\\\/program-pro-odborniky-podzim-2026\\\/#breadcrumblist\",\"itemListElement\":[{\"@type\":\"ListItem\",\"@id\":\"https:\\\/\\\/www.erikamerjava.cz#listItem\",\"position\":1,\"name\":\"Home\",\"item\":\"https:\\\/\\\/www.erikamerjava.cz\",\"nextItem\":{\"@type\":\"ListItem\",\"@id\":\"https:\\\/\\\/www.erikamerjava.cz\\\/index.php\\\/program-pro-odborniky-podzim-2026\\\/#listItem\",\"name\":\"Program pro odborn\\u00edky \\\/ podzim 2026\"}},{\"@type\":\"ListItem\",\"@id\":\"https:\\\/\\\/www.erikamerjava.cz\\\/index.php\\\/program-pro-odborniky-podzim-2026\\\/#listItem\",\"position\":2,\"name\":\"Program pro odborn\\u00edky \\\/ podzim 2026\",\"previousItem\":{\"@type\":\"ListItem\",\"@id\":\"https:\\\/\\\/www.erikamerjava.cz#listItem\",\"name\":\"Home\"}}]},{\"@type\":\"Organization\",\"@id\":\"https:\\\/\\\/www.erikamerjava.cz\\\/#organization\",\"name\":\"Erika Merjav\\u00e1\",\"url\":\"https:\\\/\\\/www.erikamerjava.cz\\\/\"},{\"@type\":\"WebPage\",\"@id\":\"https:\\\/\\\/www.erikamerjava.cz\\\/index.php\\\/program-pro-odborniky-podzim-2026\\\/#webpage\",\"url\":\"https:\\\/\\\/www.erikamerjava.cz\\\/index.php\\\/program-pro-odborniky-podzim-2026\\\/\",\"name\":\"Program pro odborn\\u00edky \\\/ podzim 2026 - Erika Merjav\\u00e1\",\"description\":\"Program je ur\\u010den p\\u0159edev\\u0161\\u00edm pedagog\\u016fm, terapeut\\u016fm a psycholog\\u016fm, kreativc\\u016fm, pracovn\\u00edk\\u016fm pom\\u00e1haj\\u00edc\\u00edch profes\\u00ed, um\\u011blc\\u016fm, student\\u016fm t\\u011bchto obor\\u016f i dal\\u0161\\u00edm profesion\\u00e1l\\u016fm, kte\\u0159\\u00ed ve sv\\u00e9 pr\\u00e1ci pracuj\\u00ed s lidmi a cht\\u011bj\\u00ed rozv\\u00edjet hlub\\u0161\\u00ed porozum\\u011bn\\u00ed procesu komunikace, tvo\\u0159ivosti a lidsk\\u00e9ho jedn\\u00e1n\\u00ed. KDY: 16.9.2026-9.12.2026, ST: 17:00-18:30 KDE: Vr\\u0161ovick\\u00e9 divadlo Mana, Praha 10-Vr\\u0161ovice LEKTOR: Erika Merjav\\u00e1 KAPACITA: 12 OBSAH A C\\u00cdL\",\"inLanguage\":\"cs-CZ\",\"isPartOf\":{\"@id\":\"https:\\\/\\\/www.erikamerjava.cz\\\/#website\"},\"breadcrumb\":{\"@id\":\"https:\\\/\\\/www.erikamerjava.cz\\\/index.php\\\/program-pro-odborniky-podzim-2026\\\/#breadcrumblist\"},\"datePublished\":\"2026-09-05T20:36:50+02:00\",\"dateModified\":\"2026-09-05T20:56:55+02:00\"},{\"@type\":\"WebSite\",\"@id\":\"https:\\\/\\\/www.erikamerjava.cz\\\/#website\",\"url\":\"https:\\\/\\\/www.erikamerjava.cz\\\/\",\"name\":\"Erika Merjav\\u00e1\",\"inLanguage\":\"cs-CZ\",\"publisher\":{\"@id\":\"https:\\\/\\\/www.erikamerjava.cz\\\/#organization\"}}]}\n\t\t<\/script>\n\t\t<!-- All in One SEO -->\n\n","aioseo_head_json":{"title":"Program pro odborn\u00edky \/ podzim 2026 - Erika Merjav\u00e1","description":"Program je ur\u010den p\u0159edev\u0161\u00edm pedagog\u016fm, terapeut\u016fm a psycholog\u016fm, kreativc\u016fm, pracovn\u00edk\u016fm pom\u00e1haj\u00edc\u00edch profes\u00ed, um\u011blc\u016fm, student\u016fm t\u011bchto obor\u016f i dal\u0161\u00edm profesion\u00e1l\u016fm, kte\u0159\u00ed ve sv\u00e9 pr\u00e1ci pracuj\u00ed s lidmi a cht\u011bj\u00ed rozv\u00edjet hlub\u0161\u00ed porozum\u011bn\u00ed procesu komunikace, tvo\u0159ivosti a lidsk\u00e9ho jedn\u00e1n\u00ed. KDY: 16.9.2026-9.12.2026, ST: 17:00-18:30 KDE: Vr\u0161ovick\u00e9 divadlo Mana, Praha 10-Vr\u0161ovice LEKTOR: Erika Merjav\u00e1 KAPACITA: 12 OBSAH A C\u00cdL","canonical_url":"https:\/\/www.erikamerjava.cz\/index.php\/program-pro-odborniky-podzim-2026\/","robots":"max-image-preview:large","keywords":"","webmasterTools":{"miscellaneous":""},"schema":{"@context":"https:\/\/schema.org","@graph":[{"@type":"BreadcrumbList","@id":"https:\/\/www.erikamerjava.cz\/index.php\/program-pro-odborniky-podzim-2026\/#breadcrumblist","itemListElement":[{"@type":"ListItem","@id":"https:\/\/www.erikamerjava.cz#listItem","position":1,"name":"Home","item":"https:\/\/www.erikamerjava.cz","nextItem":{"@type":"ListItem","@id":"https:\/\/www.erikamerjava.cz\/index.php\/program-pro-odborniky-podzim-2026\/#listItem","name":"Program pro odborn\u00edky \/ podzim 2026"}},{"@type":"ListItem","@id":"https:\/\/www.erikamerjava.cz\/index.php\/program-pro-odborniky-podzim-2026\/#listItem","position":2,"name":"Program pro odborn\u00edky \/ podzim 2026","previousItem":{"@type":"ListItem","@id":"https:\/\/www.erikamerjava.cz#listItem","name":"Home"}}]},{"@type":"Organization","@id":"https:\/\/www.erikamerjava.cz\/#organization","name":"Erika Merjav\u00e1","url":"https:\/\/www.erikamerjava.cz\/"},{"@type":"WebPage","@id":"https:\/\/www.erikamerjava.cz\/index.php\/program-pro-odborniky-podzim-2026\/#webpage","url":"https:\/\/www.erikamerjava.cz\/index.php\/program-pro-odborniky-podzim-2026\/","name":"Program pro odborn\u00edky \/ podzim 2026 - Erika Merjav\u00e1","description":"Program je ur\u010den p\u0159edev\u0161\u00edm pedagog\u016fm, terapeut\u016fm a psycholog\u016fm, kreativc\u016fm, pracovn\u00edk\u016fm pom\u00e1haj\u00edc\u00edch profes\u00ed, um\u011blc\u016fm, student\u016fm t\u011bchto obor\u016f i dal\u0161\u00edm profesion\u00e1l\u016fm, kte\u0159\u00ed ve sv\u00e9 pr\u00e1ci pracuj\u00ed s lidmi a cht\u011bj\u00ed rozv\u00edjet hlub\u0161\u00ed porozum\u011bn\u00ed procesu komunikace, tvo\u0159ivosti a lidsk\u00e9ho jedn\u00e1n\u00ed. KDY: 16.9.2026-9.12.2026, ST: 17:00-18:30 KDE: Vr\u0161ovick\u00e9 divadlo Mana, Praha 10-Vr\u0161ovice LEKTOR: Erika Merjav\u00e1 KAPACITA: 12 OBSAH A C\u00cdL","inLanguage":"cs-CZ","isPartOf":{"@id":"https:\/\/www.erikamerjava.cz\/#website"},"breadcrumb":{"@id":"https:\/\/www.erikamerjava.cz\/index.php\/program-pro-odborniky-podzim-2026\/#breadcrumblist"},"datePublished":"2026-09-05T20:36:50+02:00","dateModified":"2026-09-05T20:56:55+02:00"},{"@type":"WebSite","@id":"https:\/\/www.erikamerjava.cz\/#website","url":"https:\/\/www.erikamerjava.cz\/","name":"Erika Merjav\u00e1","inLanguage":"cs-CZ","publisher":{"@id":"https:\/\/www.erikamerjava.cz\/#organization"}}]},"og:locale":"cs_CZ","og:site_name":"Erika Merjav\u00e1 -","og:type":"article","og:title":"Program pro odborn\u00edky \/ podzim 2026 - Erika Merjav\u00e1","og:description":"Program je ur\u010den p\u0159edev\u0161\u00edm pedagog\u016fm, terapeut\u016fm a psycholog\u016fm, kreativc\u016fm, pracovn\u00edk\u016fm pom\u00e1haj\u00edc\u00edch profes\u00ed, um\u011blc\u016fm, student\u016fm t\u011bchto obor\u016f i dal\u0161\u00edm profesion\u00e1l\u016fm, kte\u0159\u00ed ve sv\u00e9 pr\u00e1ci pracuj\u00ed s lidmi a cht\u011bj\u00ed rozv\u00edjet hlub\u0161\u00ed porozum\u011bn\u00ed procesu komunikace, tvo\u0159ivosti a lidsk\u00e9ho jedn\u00e1n\u00ed. KDY: 16.9.2026-9.12.2026, ST: 17:00-18:30 KDE: Vr\u0161ovick\u00e9 divadlo Mana, Praha 10-Vr\u0161ovice LEKTOR: Erika Merjav\u00e1 KAPACITA: 12 OBSAH A C\u00cdL","og:url":"https:\/\/www.erikamerjava.cz\/index.php\/program-pro-odborniky-podzim-2026\/","article:published_time":"2026-09-05T18:36:50+00:00","article:modified_time":"2026-09-05T18:56:55+00:00","twitter:card":"summary_large_image","twitter:title":"Program pro odborn\u00edky \/ podzim 2026 - Erika Merjav\u00e1","twitter:description":"Program je ur\u010den p\u0159edev\u0161\u00edm pedagog\u016fm, terapeut\u016fm a psycholog\u016fm, kreativc\u016fm, pracovn\u00edk\u016fm pom\u00e1haj\u00edc\u00edch profes\u00ed, um\u011blc\u016fm, student\u016fm t\u011bchto obor\u016f i dal\u0161\u00edm profesion\u00e1l\u016fm, kte\u0159\u00ed ve sv\u00e9 pr\u00e1ci pracuj\u00ed s lidmi a cht\u011bj\u00ed rozv\u00edjet hlub\u0161\u00ed porozum\u011bn\u00ed procesu komunikace, tvo\u0159ivosti a lidsk\u00e9ho jedn\u00e1n\u00ed. KDY: 16.9.2026-9.12.2026, ST: 17:00-18:30 KDE: Vr\u0161ovick\u00e9 divadlo Mana, Praha 10-Vr\u0161ovice LEKTOR: Erika Merjav\u00e1 KAPACITA: 12 OBSAH A C\u00cdL"},"aioseo_meta_data":{"post_id":"300","title":null,"description":null,"keywords":null,"keyphrases":{"focus":{"keyphrase":"","score":0,"analysis":{"keyphraseInTitle":{"score":0,"maxScore":9,"error":1}}},"additional":[]},"focus_keyword":null,"additional_keywords":null,"truseo_locale":null,"primary_term":null,"canonical_url":null,"og_title":null,"og_description":null,"og_object_type":"default","og_image_type":"default","og_image_custom_url":null,"og_image_custom_fields":null,"og_image_url":null,"og_image_width":null,"og_image_height":null,"og_video":"","og_custom_url":null,"og_article_section":null,"og_article_tags":null,"twitter_use_og":false,"twitter_card":"default","twitter_image_type":"default","twitter_image_custom_url":null,"twitter_image_custom_fields":null,"twitter_image_url":null,"twitter_title":null,"twitter_description":null,"schema_type":"default","schema_type_options":null,"schema":{"blockGraphs":[],"customGraphs":[],"default":{"data":{"Article":[],"Course":[],"Dataset":[],"FAQPage":[],"Movie":[],"Person":[],"Product":[],"ProductReview":[],"Car":[],"Recipe":[],"Service":[],"SoftwareApplication":[],"WebPage":[]},"graphName":"WebPage","isEnabled":true},"graphs":[]},"pillar_content":false,"robots_default":true,"robots_noindex":false,"robots_noarchive":false,"robots_nosnippet":false,"robots_nofollow":false,"robots_noimageindex":false,"robots_noodp":false,"robots_notranslate":false,"robots_max_snippet":"-1","robots_max_videopreview":"-1","robots_max_imagepreview":"large","priority":null,"frequency":"default","local_seo":null,"limit_modified_date":false,"ai":{"faqs":[],"keyPoints":[],"schemas":[],"titles":[],"descriptions":[],"socialPosts":{"email":{"subject":"","preview":"","content":""},"linkedin":[],"twitter":[],"facebook":[],"instagram":[]}},"breadcrumb_settings":null,"seo_analyzer_scan_date":null,"created":"2026-09-05 18:36:51","updated":"2026-09-05 19:00:05"},"aioseo_breadcrumb":"<div class=\"aioseo-breadcrumbs\"><span class=\"aioseo-breadcrumb\">\n\t\t\t<a href=\"https:\/\/www.erikamerjava.cz\" title=\"Home\">Home<\/a>\n\t\t<\/span><span class=\"aioseo-breadcrumb-separator\">&raquo;<\/span><span class=\"aioseo-breadcrumb\">\n\t\t\tProgram pro odborn\u00edky \/ podzim 2026\n\t\t<\/span><\/div>","aioseo_breadcrumb_json":[{"label":"Home","link":"https:\/\/www.erikamerjava.cz"},{"label":"Program pro odborn\u00edky \/ podzim 2026","link":"https:\/\/www.erikamerjava.cz\/index.php\/program-pro-odborniky-podzim-2026\/"}],"_links":{"self":[{"href":"https:\/\/www.erikamerjava.cz\/index.php\/wp-json\/wp\/v2\/pages\/300","targetHints":{"allow":["GET"]}}],"collection":[{"href":"https:\/\/www.erikamerjava.cz\/index.php\/wp-json\/wp\/v2\/pages"}],"about":[{"href":"https:\/\/www.erikamerjava.cz\/index.php\/wp-json\/wp\/v2\/types\/page"}],"author":[{"embeddable":true,"href":"https:\/\/www.erikamerjava.cz\/index.php\/wp-json\/wp\/v2\/users\/1"}],"replies":[{"embeddable":true,"href":"https:\/\/www.erikamerjava.cz\/index.php\/wp-json\/wp\/v2\/comments?post=300"}],"version-history":[{"count":2,"href":"https:\/\/www.erikamerjava.cz\/index.php\/wp-json\/wp\/v2\/pages\/300\/revisions"}],"predecessor-version":[{"id":312,"href":"https:\/\/www.erikamerjava.cz\/index.php\/wp-json\/wp\/v2\/pages\/300\/revisions\/312"}],"wp:attachment":[{"href":"https:\/\/www.erikamerjava.cz\/index.php\/wp-json\/wp\/v2\/media?parent=300"}],"curies":[{"name":"wp","href":"https:\/\/api.w.org\/{rel}","templated":true}]}}